{"id":16100,"date":"2014-05-20T07:51:11","date_gmt":"2014-05-20T07:51:11","guid":{"rendered":"https:\/\/quarckabogados.com\/home\/"},"modified":"2025-09-23T09:10:18","modified_gmt":"2025-09-23T09:10:18","slug":"home","status":"publish","type":"page","link":"https:\/\/quarckabogados.com\/es\/","title":{"rendered":"Home"},"content":{"rendered":"<div class=\"wpb-content-wrapper\"><p>[vc_row css_animation=\u00bb\u00bb row_type=\u00bbrow\u00bb use_row_as_full_screen_section=\u00bbno\u00bb type=\u00bbgrid\u00bb angled_section=\u00bbno\u00bb text_align=\u00bbcenter\u00bb background_image_as_pattern=\u00bbwithout_pattern\u00bb background_color=\u00bb#9b825e\u00bb padding_top=\u00bb45&#8243; padding_bottom=\u00bb45&#8243;][vc_column]<div class=\"custom_font_holder \" style=\"font-family: Lora; font-style: normal; font-weight: 400; color: #ffffff; text-decoration: none; text-align: center; --qode-cf-font-size: 18px; --qode-cf-line-height: 22px; --qode-cf-font-size-1440: 18px; --qode-cf-line-height-1440: 22px; --qode-cf-font-size-1366: 18px; --qode-cf-line-height-1366: 22px; --qode-cf-font-size-1280: 18px; --qode-cf-line-height-1280: 22px; --qode-cf-font-size-1024: 18px; --qode-cf-line-height-1024: 22px; --qode-cf-font-size-768: 18px; --qode-cf-line-height-768: 22px; --qode-cf-font-size-680: 18px; --qode-cf-line-height-680: 22px; --qode-cf-font-size-480: 18px; --qode-cf-line-height-480: 22px;\">A lo largo de los a\u00f1os, nuestro compromiso con la excelencia y la pasi\u00f3n por nuestros clientes ha sido reconocido.<\/div>[\/vc_column][\/vc_row][vc_row css_animation=\u00bb\u00bb row_type=\u00bbrow\u00bb use_row_as_full_screen_section=\u00bbno\u00bb type=\u00bbgrid\u00bb angled_section=\u00bbno\u00bb text_align=\u00bbleft\u00bb background_image_as_pattern=\u00bbwithout_pattern\u00bb padding_top=\u00bb102&#8243; el_class=\u00bbicon_border\u00bb padding_bottom=\u00bb0&#8243;][vc_column][vc_column_text css=\u00bb\u00bb]<\/p>\n<h1 style=\"text-align: center;\">Bienvenido a Quarck Abogados<\/h1>\n<p>[\/vc_column_text][vc_separator type=\u00bbtransparent\u00bb up=\u00bb29&#8243; down=\u00bb0&#8243;][vc_column_text css=\u00bb\u00bb]<\/p>\n<h2 style=\"text-align: center;\">Servicios Jur\u00eddicos desde Barcelona al mundo<\/h2>\n<p>[\/vc_column_text][vc_separator type=\u00bbsmall\u00bb position=\u00bbcenter\u00bb up=\u00bb33&#8243; down=\u00bb58&#8243;][vc_row_inner row_type=\u00bbrow\u00bb type=\u00bbfull_width\u00bb text_align=\u00bbleft\u00bb css_animation=\u00bb\u00bb][vc_column_inner width=\u00bb1\/4&#8243;][vc_single_image image=\u00bb16322&#8243; img_size=\u00bbfull\u00bb css=\u00bb\u00bb qode_css_animation=\u00bb\u00bb][vc_separator type=\u00bbtransparent\u00bb up=\u00bb23&#8243; down=\u00bb0&#8243;][vc_column_text css=\u00bb\u00bb]<\/p>\n<h3>DERECHO FARMAC\u00c9UTICO<\/h3>\n<p>[\/vc_column_text][vc_separator type=\u00bbsmall\u00bb position=\u00bbleft\u00bb up=\u00bb24&#8243; down=\u00bb22&#8243; width=\u00bb30&#8243;][vc_column_text css=\u00bb\u00bb]Asesoramiento legal a empresas que operan en los sectores farmac\u00e9utico, de dispositivos m\u00e9dicos, biotecnol\u00f3gico o en otras \u00e1reas de las ciencias de la vida. La alta especializaci\u00f3n de la firma en este sector nos permite ofrecer un asesoramiento integral y multidisciplinar para brindar a nuestros clientes una asesor\u00eda legal pr\u00e1ctica y orientada a resultados.[\/vc_column_text][vc_separator type=\u00bbtransparent\u00bb up=\u00bb20&#8243; down=\u00bb0&#8243;]<div class=\"custom_font_holder \" style=\"font-family: Lora; font-style: italic; font-weight: 400; color: #9b825e; text-decoration: none; text-align: left; --qode-cf-font-size: 14px; --qode-cf-line-height: 18px; --qode-cf-font-size-1440: 14px; --qode-cf-line-height-1440: 18px; --qode-cf-font-size-1366: 14px; --qode-cf-line-height-1366: 18px; --qode-cf-font-size-1280: 14px; --qode-cf-line-height-1280: 18px; --qode-cf-font-size-1024: 14px; --qode-cf-line-height-1024: 18px; --qode-cf-font-size-768: 14px; --qode-cf-line-height-768: 18px; --qode-cf-font-size-680: 14px; --qode-cf-line-height-680: 18px; --qode-cf-font-size-480: 14px; --qode-cf-line-height-480: 18px;\"><a href=\"#\">Leer m\u00e1s<\/a><\/div>[vc_separator type=\u00bbtransparent\u00bb up=\u00bb101&#8243; down=\u00bb0&#8243;][\/vc_column_inner][vc_column_inner width=\u00bb1\/4&#8243;][vc_single_image image=\u00bb16320&#8243; img_size=\u00bbfull\u00bb css=\u00bb\u00bb qode_css_animation=\u00bb\u00bb][vc_separator type=\u00bbtransparent\u00bb up=\u00bb23&#8243; down=\u00bb0&#8243;][vc_column_text css=\u00bb\u00bb]<\/p>\n<h3>DERECHO TRIBUTARIO<\/h3>\n<p>[\/vc_column_text][vc_separator type=\u00bbsmall\u00bb position=\u00bbleft\u00bb up=\u00bb24&#8243; down=\u00bb22&#8243; width=\u00bb30&#8243;][vc_column_text css=\u00bb\u00bb]Ofrecemos asesoramiento continuo a grandes empresas y pymes en sus asuntos tributarios cotidianos. Nuestros servicios se basan en el conocimiento del negocio, la especializaci\u00f3n y la experiencia de nuestros clientes, e incluyen todas las pr\u00e1cticas de asesor\u00eda fiscal.[\/vc_column_text][vc_separator type=\u00bbtransparent\u00bb up=\u00bb20&#8243; down=\u00bb0&#8243;]<div class=\"custom_font_holder \" style=\"font-family: Lora; font-style: italic; font-weight: 400; color: #9b825e; text-decoration: none; text-align: left; --qode-cf-font-size: 14px; --qode-cf-line-height: 18px; --qode-cf-font-size-1440: 14px; --qode-cf-line-height-1440: 18px; --qode-cf-font-size-1366: 14px; --qode-cf-line-height-1366: 18px; --qode-cf-font-size-1280: 14px; --qode-cf-line-height-1280: 18px; --qode-cf-font-size-1024: 14px; --qode-cf-line-height-1024: 18px; --qode-cf-font-size-768: 14px; --qode-cf-line-height-768: 18px; --qode-cf-font-size-680: 14px; --qode-cf-line-height-680: 18px; --qode-cf-font-size-480: 14px; --qode-cf-line-height-480: 18px;\"><a href=\"#\">Leer m\u00e1s<\/a><\/div>[vc_separator type=\u00bbtransparent\u00bb up=\u00bb101&#8243; down=\u00bb0&#8243;][\/vc_column_inner][vc_column_inner width=\u00bb1\/4&#8243;][vc_single_image image=\u00bb16329&#8243; img_size=\u00bbfull\u00bb css=\u00bb\u00bb qode_css_animation=\u00bb\u00bb][vc_separator type=\u00bbtransparent\u00bb up=\u00bb23&#8243; down=\u00bb0&#8243;][vc_column_text css=\u00bb\u00bb]<\/p>\n<h3>DERECHO COMERCIAL<\/h3>\n<p>[\/vc_column_text][vc_separator type=\u00bbsmall\u00bb position=\u00bbleft\u00bb up=\u00bb24&#8243; down=\u00bb22&#8243; width=\u00bb30&#8243;][vc_column_text css=\u00bb\u00bb]Asesoramos a nuestros clientes en operaciones societarias nacionales e internacionales. Nuestro asesoramiento mercantil abarca las \u00e1reas societaria, contractual, de reestructuraci\u00f3n empresarial y planificaci\u00f3n concursal.[\/vc_column_text][vc_separator type=\u00bbtransparent\u00bb up=\u00bb20&#8243; down=\u00bb0&#8243;]<div class=\"custom_font_holder \" style=\"font-family: Lora; font-style: italic; font-weight: 400; color: #9b825e; text-decoration: none; text-align: left; --qode-cf-font-size: 14px; --qode-cf-line-height: 18px; --qode-cf-font-size-1440: 14px; --qode-cf-line-height-1440: 18px; --qode-cf-font-size-1366: 14px; --qode-cf-line-height-1366: 18px; --qode-cf-font-size-1280: 14px; --qode-cf-line-height-1280: 18px; --qode-cf-font-size-1024: 14px; --qode-cf-line-height-1024: 18px; --qode-cf-font-size-768: 14px; --qode-cf-line-height-768: 18px; --qode-cf-font-size-680: 14px; --qode-cf-line-height-680: 18px; --qode-cf-font-size-480: 14px; --qode-cf-line-height-480: 18px;\"><a href=\"#\">Leer m\u00e1s<\/a><\/div>[vc_separator type=\u00bbtransparent\u00bb up=\u00bb101&#8243; down=\u00bb0&#8243;][\/vc_column_inner][vc_column_inner width=\u00bb1\/4&#8243;][vc_single_image image=\u00bb16316&#8243; img_size=\u00bbfull\u00bb css=\u00bb\u00bb qode_css_animation=\u00bb\u00bb][vc_separator type=\u00bbtransparent\u00bb up=\u00bb23&#8243; down=\u00bb0&#8243;][vc_column_text css=\u00bb\u00bb]<\/p>\n<h3>DERECHO ADMINISTRATIVO<\/h3>\n<p>[\/vc_column_text][vc_separator type=\u00bbsmall\u00bb position=\u00bbleft\u00bb up=\u00bb24&#8243; down=\u00bb22&#8243; width=\u00bb30&#8243;][vc_column_text css=\u00bb\u00bb]Asesoramos a nuestros clientes en procedimientos de autorizaci\u00f3n, certificaci\u00f3n, notificaci\u00f3n y registro ante las Administraciones P\u00fablicas centrales, auton\u00f3micas y locales, as\u00ed como en el marco de procedimientos sancionadores, prestando apoyo en los procedimientos administrativos correspondientes.[\/vc_column_text][vc_separator type=\u00bbtransparent\u00bb up=\u00bb20&#8243; down=\u00bb0&#8243;]<div class=\"custom_font_holder \" style=\"font-family: Lora; font-style: italic; font-weight: 400; color: #9b825e; text-decoration: none; text-align: left; --qode-cf-font-size: 14px; --qode-cf-line-height: 18px; --qode-cf-font-size-1440: 14px; --qode-cf-line-height-1440: 18px; --qode-cf-font-size-1366: 14px; --qode-cf-line-height-1366: 18px; --qode-cf-font-size-1280: 14px; --qode-cf-line-height-1280: 18px; --qode-cf-font-size-1024: 14px; --qode-cf-line-height-1024: 18px; --qode-cf-font-size-768: 14px; --qode-cf-line-height-768: 18px; --qode-cf-font-size-680: 14px; --qode-cf-line-height-680: 18px; --qode-cf-font-size-480: 14px; --qode-cf-line-height-480: 18px;\"><a href=\"#\">Leer m\u00e1s<\/a><\/div>[vc_separator type=\u00bbtransparent\u00bb up=\u00bb101&#8243; down=\u00bb0&#8243;][\/vc_column_inner][\/vc_row_inner][\/vc_column][\/vc_row][vc_row css_animation=\u00bb\u00bb row_type=\u00bbrow\u00bb use_row_as_full_screen_section=\u00bbno\u00bb type=\u00bbfull_width\u00bb angled_section=\u00bbno\u00bb text_align=\u00bbcenter\u00bb background_image_as_pattern=\u00bbwithout_pattern\u00bb el_class=\u00bbiconsection\u00bb][vc_column]<span data-type=\"circle\"   class=\"qode_icon_shortcode fa-stack q_font_awsome_icon_stack fa-4x pull-center \" style=\" \"><i class=\"fa fa-circle fa-stack-base fa-stack-2x\" style=\"color: #9b825e;\"><\/i><i class=\"qode_icon_font_awesome fa fa-university qode_icon_element fa-stack-1x\" style=\"font-size: 51px;color: #ffffff;\" ><\/i><\/span>[\/vc_column][\/vc_row][vc_row row_type=\u00bbparallax\u00bb parallax_content_width=\u00bbin_grid\u00bb text_align=\u00bbleft\u00bb full_screen_section_height=\u00bbno\u00bb background_image=\u00bb15290&#8243; section_height=\u00bb500&#8243;][vc_column][vc_separator type=\u00bbtransparent\u00bb up=\u00bb86&#8243; down=\u00bb0&#8243;][vc_column_text css=\u00bb\u00bb]<\/p>\n<h2 style=\"text-align: center;\">Dedicados a la excelencia<\/h2>\n<p>[\/vc_column_text][vc_separator type=\u00bbtransparent\u00bb up=\u00bb29&#8243; down=\u00bb0&#8243;][vc_column_text css=\u00bb.vc_custom_1758548981255{padding-top: 40px !important;padding-bottom: 40px !important;}\u00bb]<\/p>\n<h3 style=\"text-align: center;\">ESPECIALIZACI\u00d3N, EXCELENCIA PROFESIONAL Y TRATO PERSONALIZADO<\/h3>\n<p>[\/vc_column_text][vc_separator type=\u00bbsmall\u00bb position=\u00bbcenter\u00bb up=\u00bb33&#8243; down=\u00bb43&#8243;][\/vc_column][\/vc_row][vc_row css_animation=\u00bb\u00bb row_type=\u00bbrow\u00bb use_row_as_full_screen_section=\u00bbno\u00bb type=\u00bbgrid\u00bb angled_section=\u00bbno\u00bb text_align=\u00bbleft\u00bb background_image_as_pattern=\u00bbwithout_pattern\u00bb padding_top=\u00bb87&#8243; padding_bottom=\u00bb34&#8243;][vc_column][vc_column_text css=\u00bb\u00bb]<\/p>\n<h2 style=\"text-align: center;\">El equipo legal<\/h2>\n<p>[\/vc_column_text][vc_separator type=\u00bbsmall\u00bb position=\u00bbcenter\u00bb down=\u00bb45&#8243; up=\u00bb33&#8243;][vc_row_inner row_type=\u00bbrow\u00bb type=\u00bbfull_width\u00bb text_align=\u00bbleft\u00bb css_animation=\u00bb\u00bb][vc_column_inner width=\u00bb1\/4&#8243;]<div class=\"q_team\" ><div class=\"q_team_inner\"><div class=\"q_team_image\"><img decoding=\"async\" itemprop=\"image\" src=\"https:\/\/quarckabogados.com\/wp-content\/uploads\/2014\/03\/team22.jpg\" alt=\"team2\" \/><\/div><div class='q_team_text' ><div class=\"q_team_text_inner\"><div class=\"q_team_title_holder\"><h3 class=\"q_team_name\" >Juan Jos\u00e9 Mateo<\/h3><span >Partner<\/span><\/div><div class='separator small center' ><\/div><\/div><div class='q_team_social_holder'><\/div><\/div><\/div><\/div>[vc_separator type=\u00bbtransparent\u00bb up=\u00bb60&#8243; down=\u00bb0&#8243;][\/vc_column_inner][vc_column_inner width=\u00bb1\/4&#8243;]<div class=\"q_team\" ><div class=\"q_team_inner\"><div class=\"q_team_image\"><img decoding=\"async\" itemprop=\"image\" src=\"https:\/\/quarckabogados.com\/wp-content\/uploads\/2014\/03\/team08.jpg\" alt=\"team08\" \/><\/div><div class='q_team_text' ><div class=\"q_team_text_inner\"><div class=\"q_team_title_holder\"><h3 class=\"q_team_name\" >Joaqu\u00edn Gil<\/h3><span >Partner<\/span><\/div><div class='separator small center' ><\/div><\/div><div class='q_team_social_holder'><\/div><\/div><\/div><\/div>[vc_separator type=\u00bbtransparent\u00bb up=\u00bb60&#8243; down=\u00bb0&#8243;][\/vc_column_inner][vc_column_inner width=\u00bb1\/4&#8243;]<div class=\"q_team\" ><div class=\"q_team_inner\"><div class=\"q_team_image\"><img decoding=\"async\" itemprop=\"image\" src=\"https:\/\/quarckabogados.com\/wp-content\/uploads\/2014\/03\/team.jpg\" alt=\"team\" \/><\/div><div class='q_team_text' ><div class=\"q_team_text_inner\"><div class=\"q_team_title_holder\"><h3 class=\"q_team_name\" >Alonso Moleiro<\/h3><span >Partner<\/span><\/div><div class='separator small center' ><\/div><\/div><div class='q_team_social_holder'><\/div><\/div><\/div><\/div>[vc_separator type=\u00bbtransparent\u00bb up=\u00bb60&#8243; down=\u00bb0&#8243;][\/vc_column_inner][vc_column_inner width=\u00bb1\/4&#8243;]<div class=\"q_team\" ><div class=\"q_team_inner\"><div class=\"q_team_image\"><img decoding=\"async\" itemprop=\"image\" src=\"https:\/\/quarckabogados.com\/wp-content\/uploads\/2014\/03\/team31.jpg\" alt=\"team3\" \/><\/div><div class='q_team_text' ><div class=\"q_team_text_inner\"><div class=\"q_team_title_holder\"><h3 class=\"q_team_name\" >Leticia Garc\u00eda<\/h3><span >Associada<\/span><\/div><div class='separator small center' ><\/div><\/div><div class='q_team_social_holder'><\/div><\/div><\/div><\/div>[vc_separator type=\u00bbtransparent\u00bb up=\u00bb60&#8243; down=\u00bb0&#8243;][\/vc_column_inner][\/vc_row_inner][vc_row_inner row_type=\u00bbrow\u00bb type=\u00bbfull_width\u00bb text_align=\u00bbleft\u00bb css_animation=\u00bb\u00bb][vc_column_inner][vc_separator type=\u00bbtransparent\u00bb up=\u00bb60&#8243; down=\u00bb0&#8243;]\n<div class='latest_post_holder boxes four_columns one_row' >\n    <ul>\n    \n        <li class=\"clearfix\">\n            <div class=\"boxes_image\">\n                                <a itemprop=\"url\" aria-label=\"Cambios en el Derecho tributario en Espa\u00f1a 2025: reformas principales y su alcance\" href=\"https:\/\/quarckabogados.com\/es\/recent-tax-law-changes-in-spain-2025-key-reforms-and-what-they-mean\/\"><img loading=\"lazy\" decoding=\"async\" width=\"539\" height=\"303\" src=\"https:\/\/quarckabogados.com\/wp-content\/uploads\/2013\/10\/time-taxes-money-financial-accounting-taxation-concept-539x303.jpg\" class=\"attachment-latest_post_boxes size-latest_post_boxes wp-post-image\" alt=\"Time for Taxes Money Financial Accounting Taxation Concept\" \/><\/a>\n            <\/div>\n            <div class=\"latest_post\"  >\n                <div class=\"latest_post_text\">\n                    <div class=\"latest_post_inner\">\n                        <div class=\"latest_post_text_inner\">\n                            <h3 itemprop=\"name\" class=\"latest_post_title entry_title\"><a itemprop=\"url\" href=\"https:\/\/quarckabogados.com\/es\/recent-tax-law-changes-in-spain-2025-key-reforms-and-what-they-mean\/\">Cambios en el Derecho tributario en Espa\u00f1a 2025: reformas principales y su alcance<\/a><\/h3>\n                            <p class=\"excerpt\">The term minimalism is also used to describe a trend in design and architecture where in the subject is reduced to its n...<\/p>\n                            <span class=\"post_infos\">\n                                                                                                \n                                \n                                                            <\/span>\n                        <\/div>\n                    <\/div>\n                <\/div>\n            <\/div>\n        <\/li>\n    \n        <li class=\"clearfix\">\n            <div class=\"boxes_image\">\n                                <a itemprop=\"url\" aria-label=\"Desarrollos recientes en el Derecho mercantil espa\u00f1ol \u2014 2025\" href=\"https:\/\/quarckabogados.com\/es\/desarrollos-recientes-en-el-derecho-mercantil-espanol-2025\/\"><img loading=\"lazy\" decoding=\"async\" width=\"539\" height=\"303\" src=\"https:\/\/quarckabogados.com\/wp-content\/uploads\/2013\/10\/comercial-law-1-539x303.jpg\" class=\"attachment-latest_post_boxes size-latest_post_boxes wp-post-image\" alt=\"comercial law\" \/><\/a>\n            <\/div>\n            <div class=\"latest_post\"  >\n                <div class=\"latest_post_text\">\n                    <div class=\"latest_post_inner\">\n                        <div class=\"latest_post_text_inner\">\n                            <h3 itemprop=\"name\" class=\"latest_post_title entry_title\"><a itemprop=\"url\" href=\"https:\/\/quarckabogados.com\/es\/desarrollos-recientes-en-el-derecho-mercantil-espanol-2025\/\">Desarrollos recientes en el Derecho mercantil espa\u00f1ol \u2014 2025<\/a><\/h3>\n                            <p class=\"excerpt\">The term minimalism is also used to describe a trend in design and architecture where in the subject is reduced to its n...<\/p>\n                            <span class=\"post_infos\">\n                                                                                                \n                                \n                                                            <\/span>\n                        <\/div>\n                    <\/div>\n                <\/div>\n            <\/div>\n        <\/li>\n    \n        <li class=\"clearfix\">\n            <div class=\"boxes_image\">\n                                <a itemprop=\"url\" aria-label=\"La reforma del Derecho farmac\u00e9utico en Europa en 2025: hacia el acceso, la sostenibilidad y la innovaci\u00f3n\" href=\"https:\/\/quarckabogados.com\/es\/europes-pharma-law-reform-in-2025\/\"><img loading=\"lazy\" decoding=\"async\" width=\"539\" height=\"303\" src=\"https:\/\/quarckabogados.com\/wp-content\/uploads\/2013\/10\/pills-with-gavel-justice-money-medical-corruption-concept-539x303.jpg\" class=\"attachment-latest_post_boxes size-latest_post_boxes wp-post-image\" alt=\"Pills with gavel of justice and money, medical corruption concept.\" \/><\/a>\n            <\/div>\n            <div class=\"latest_post\"  >\n                <div class=\"latest_post_text\">\n                    <div class=\"latest_post_inner\">\n                        <div class=\"latest_post_text_inner\">\n                            <h3 itemprop=\"name\" class=\"latest_post_title entry_title\"><a itemprop=\"url\" href=\"https:\/\/quarckabogados.com\/es\/europes-pharma-law-reform-in-2025\/\">La reforma del Derecho farmac\u00e9utico en Europa en 2025: hacia el acceso, la sostenibilidad y la innovaci\u00f3n<\/a><\/h3>\n                            <p class=\"excerpt\">The term minimalism is also used to describe a trend in design and architecture where in the subject is reduced to its n...<\/p>\n                            <span class=\"post_infos\">\n                                                                                                \n                                \n                                                            <\/span>\n                        <\/div>\n                    <\/div>\n                <\/div>\n            <\/div>\n        <\/li>\n    \n        <li class=\"clearfix\">\n            <div class=\"boxes_image\">\n                                <a itemprop=\"url\" aria-label=\"Tendencias recientes y reformas en el Derecho administrativo espa\u00f1ol \u2014 2025\" href=\"https:\/\/quarckabogados.com\/es\/recent-trends-reforms-in-spanish-administrative-law-2025\/\"><img loading=\"lazy\" decoding=\"async\" width=\"539\" height=\"303\" src=\"https:\/\/quarckabogados.com\/wp-content\/uploads\/2013\/10\/210125-rueda-de-prensa-ministros1-539x303.jpg\" class=\"attachment-latest_post_boxes size-latest_post_boxes wp-post-image\" alt=\"Rueda-de-prensa-ministros1\" \/><\/a>\n            <\/div>\n            <div class=\"latest_post\"  >\n                <div class=\"latest_post_text\">\n                    <div class=\"latest_post_inner\">\n                        <div class=\"latest_post_text_inner\">\n                            <h3 itemprop=\"name\" class=\"latest_post_title entry_title\"><a itemprop=\"url\" href=\"https:\/\/quarckabogados.com\/es\/recent-trends-reforms-in-spanish-administrative-law-2025\/\">Tendencias recientes y reformas en el Derecho administrativo espa\u00f1ol \u2014 2025<\/a><\/h3>\n                            <p class=\"excerpt\">The term minimalism is also used to describe a trend in design and architecture where in the subject is reduced to its n...<\/p>\n                            <span class=\"post_infos\">\n                                                                                                \n                                \n                                                            <\/span>\n                        <\/div>\n                    <\/div>\n                <\/div>\n            <\/div>\n        <\/li>\n        <\/ul>\n<\/div>[vc_separator type=\u00bbtransparent\u00bb up=\u00bb60&#8243; down=\u00bb0&#8243;][\/vc_column_inner][\/vc_row_inner][\/vc_column][\/vc_row]<\/p>\n<\/div>","protected":false},"excerpt":{"rendered":"<p>[vc_row css_animation=\u00bb\u00bb row_type=\u00bbrow\u00bb use_row_as_full_screen_section=\u00bbno\u00bb type=\u00bbgrid\u00bb angled_section=\u00bbno\u00bb text_align=\u00bbcenter\u00bb background_image_as_pattern=\u00bbwithout_pattern\u00bb background_color=\u00bb#9b825e\u00bb padding_top=\u00bb45&#8243; padding_bottom=\u00bb45&#8243;][vc_column][\/vc_column][\/vc_row][vc_row css_animation=\u00bb\u00bb row_type=\u00bbrow\u00bb use_row_as_full_screen_section=\u00bbno\u00bb type=\u00bbgrid\u00bb angled_section=\u00bbno\u00bb text_align=\u00bbleft\u00bb background_image_as_pattern=\u00bbwithout_pattern\u00bb padding_top=\u00bb102&#8243; el_class=\u00bbicon_border\u00bb padding_bottom=\u00bb0&#8243;][vc_column][vc_column_text css=\u00bb\u00bb] Bienvenido a Quarck Abogados [\/vc_column_text][vc_separator type=\u00bbtransparent\u00bb up=\u00bb29&#8243; down=\u00bb0&#8243;][vc_column_text css=\u00bb\u00bb] Servicios Jur\u00eddicos desde Barcelona al mundo [\/vc_column_text][vc_separator type=\u00bbsmall\u00bb position=\u00bbcenter\u00bb up=\u00bb33&#8243; down=\u00bb58&#8243;][vc_row_inner row_type=\u00bbrow\u00bb type=\u00bbfull_width\u00bb text_align=\u00bbleft\u00bb&hellip; <a class=\"continue\" href=\"https:\/\/quarckabogados.com\/es\/recent-trends-reforms-in-spanish-administrative-law-2025\/\">Continue Reading<span> Tendencias recientes y reformas en el Derecho administrativo espa\u00f1ol \u2014 2025<\/span><\/a> <a class=\"continue\" href=\"https:\/\/quarckabogados.com\/es\/recent-trends-reforms-in-spanish-administrative-law-2025\/\">Continue Reading<span> Tendencias recientes y reformas en el Derecho administrativo espa\u00f1ol \u2014 2025<\/span><\/a><\/p>\n","protected":false},"author":1,"featured_media":0,"parent":0,"menu_order":0,"comment_status":"closed","ping_status":"closed","template":"full_width.php","meta":{"footnotes":""},"class_list":["post-16100","page","type-page","status-publish","hentry"],"yoast_head":"<!-- This site is optimized with the Yoast SEO plugin v27.2 - https:\/\/yoast.com\/product\/yoast-seo-wordpress\/ -->\n<title>Home - Quarck Abogados<\/title>\n<meta name=\"robots\" content=\"index, follow, max-snippet:-1, max-image-preview:large, max-video-preview:-1\" \/>\n<link rel=\"canonical\" href=\"https:\/\/quarckabogados.com\/\" \/>\n<meta property=\"og:locale\" content=\"es_ES\" \/>\n<meta property=\"og:type\" content=\"article\" \/>\n<meta property=\"og:title\" content=\"Home - Quarck Abogados\" \/>\n<meta property=\"og:description\" content=\"[vc_row css_animation=\u00bb\u00bb row_type=\u00bbrow\u00bb use_row_as_full_screen_section=\u00bbno\u00bb type=\u00bbgrid\u00bb angled_section=\u00bbno\u00bb text_align=\u00bbcenter\u00bb background_image_as_pattern=\u00bbwithout_pattern\u00bb background_color=\u00bb#9b825e\u00bb padding_top=\u00bb45&#8243; padding_bottom=\u00bb45&#8243;][vc_column][\/vc_column][\/vc_row][vc_row css_animation=\u00bb\u00bb row_type=\u00bbrow\u00bb use_row_as_full_screen_section=\u00bbno\u00bb type=\u00bbgrid\u00bb angled_section=\u00bbno\u00bb text_align=\u00bbleft\u00bb background_image_as_pattern=\u00bbwithout_pattern\u00bb padding_top=\u00bb102&#8243; el_class=\u00bbicon_border\u00bb padding_bottom=\u00bb0&#8243;][vc_column][vc_column_text css=\u00bb\u00bb] Bienvenido a Quarck Abogados [\/vc_column_text][vc_separator type=\u00bbtransparent\u00bb up=\u00bb29&#8243; down=\u00bb0&#8243;][vc_column_text css=\u00bb\u00bb] Servicios Jur\u00eddicos desde Barcelona al mundo [\/vc_column_text][vc_separator type=\u00bbsmall\u00bb position=\u00bbcenter\u00bb up=\u00bb33&#8243; down=\u00bb58&#8243;][vc_row_inner row_type=\u00bbrow\u00bb type=\u00bbfull_width\u00bb text_align=\u00bbleft\u00bb&hellip; Continue Reading Tendencias recientes y reformas en el Derecho administrativo espa\u00f1ol \u2014 2025 Continue Reading Tendencias recientes y reformas en el Derecho administrativo espa\u00f1ol \u2014 2025\" \/>\n<meta property=\"og:url\" content=\"https:\/\/quarckabogados.com\/\" \/>\n<meta property=\"og:site_name\" content=\"Quarck Abogados\" \/>\n<meta property=\"article:modified_time\" content=\"2025-09-23T09:10:18+00:00\" \/>\n<meta name=\"twitter:card\" content=\"summary_large_image\" \/>\n<meta name=\"twitter:label1\" content=\"Tiempo de lectura\" \/>\n\t<meta name=\"twitter:data1\" content=\"6 minutos\" \/>\n<script type=\"application\/ld+json\" class=\"yoast-schema-graph\">{\"@context\":\"https:\/\/schema.org\",\"@graph\":[{\"@type\":\"WebPage\",\"@id\":\"https:\/\/quarckabogados.com\/\",\"url\":\"https:\/\/quarckabogados.com\/\",\"name\":\"Home - Quarck Abogados\",\"isPartOf\":{\"@id\":\"https:\/\/quarckabogados.com\/#website\"},\"datePublished\":\"2014-05-20T07:51:11+00:00\",\"dateModified\":\"2025-09-23T09:10:18+00:00\",\"breadcrumb\":{\"@id\":\"https:\/\/quarckabogados.com\/#breadcrumb\"},\"inLanguage\":\"es\",\"potentialAction\":[{\"@type\":\"ReadAction\",\"target\":[\"https:\/\/quarckabogados.com\/\"]}]},{\"@type\":\"BreadcrumbList\",\"@id\":\"https:\/\/quarckabogados.com\/#breadcrumb\",\"itemListElement\":[{\"@type\":\"ListItem\",\"position\":1,\"name\":\"Home\",\"item\":\"https:\/\/quarckabogados.com\/\"},{\"@type\":\"ListItem\",\"position\":2,\"name\":\"Home\"}]},{\"@type\":\"WebSite\",\"@id\":\"https:\/\/quarckabogados.com\/#website\",\"url\":\"https:\/\/quarckabogados.com\/\",\"name\":\"Quarck Abogados\",\"description\":\"\",\"potentialAction\":[{\"@type\":\"SearchAction\",\"target\":{\"@type\":\"EntryPoint\",\"urlTemplate\":\"https:\/\/quarckabogados.com\/?s={search_term_string}\"},\"query-input\":{\"@type\":\"PropertyValueSpecification\",\"valueRequired\":true,\"valueName\":\"search_term_string\"}}],\"inLanguage\":\"es\"}]}<\/script>\n<!-- \/ Yoast SEO plugin. -->","yoast_head_json":{"title":"Home - Quarck Abogados","robots":{"index":"index","follow":"follow","max-snippet":"max-snippet:-1","max-image-preview":"max-image-preview:large","max-video-preview":"max-video-preview:-1"},"canonical":"https:\/\/quarckabogados.com\/","og_locale":"es_ES","og_type":"article","og_title":"Home - Quarck Abogados","og_description":"[vc_row css_animation=\u00bb\u00bb row_type=\u00bbrow\u00bb use_row_as_full_screen_section=\u00bbno\u00bb type=\u00bbgrid\u00bb angled_section=\u00bbno\u00bb text_align=\u00bbcenter\u00bb background_image_as_pattern=\u00bbwithout_pattern\u00bb background_color=\u00bb#9b825e\u00bb padding_top=\u00bb45&#8243; padding_bottom=\u00bb45&#8243;][vc_column][\/vc_column][\/vc_row][vc_row css_animation=\u00bb\u00bb row_type=\u00bbrow\u00bb use_row_as_full_screen_section=\u00bbno\u00bb type=\u00bbgrid\u00bb angled_section=\u00bbno\u00bb text_align=\u00bbleft\u00bb background_image_as_pattern=\u00bbwithout_pattern\u00bb padding_top=\u00bb102&#8243; el_class=\u00bbicon_border\u00bb padding_bottom=\u00bb0&#8243;][vc_column][vc_column_text css=\u00bb\u00bb] Bienvenido a Quarck Abogados [\/vc_column_text][vc_separator type=\u00bbtransparent\u00bb up=\u00bb29&#8243; down=\u00bb0&#8243;][vc_column_text css=\u00bb\u00bb] Servicios Jur\u00eddicos desde Barcelona al mundo [\/vc_column_text][vc_separator type=\u00bbsmall\u00bb position=\u00bbcenter\u00bb up=\u00bb33&#8243; down=\u00bb58&#8243;][vc_row_inner row_type=\u00bbrow\u00bb type=\u00bbfull_width\u00bb text_align=\u00bbleft\u00bb&hellip; Continue Reading Tendencias recientes y reformas en el Derecho administrativo espa\u00f1ol \u2014 2025 Continue Reading Tendencias recientes y reformas en el Derecho administrativo espa\u00f1ol \u2014 2025","og_url":"https:\/\/quarckabogados.com\/","og_site_name":"Quarck Abogados","article_modified_time":"2025-09-23T09:10:18+00:00","twitter_card":"summary_large_image","twitter_misc":{"Tiempo de lectura":"6 minutos"},"schema":{"@context":"https:\/\/schema.org","@graph":[{"@type":"WebPage","@id":"https:\/\/quarckabogados.com\/","url":"https:\/\/quarckabogados.com\/","name":"Home - Quarck Abogados","isPartOf":{"@id":"https:\/\/quarckabogados.com\/#website"},"datePublished":"2014-05-20T07:51:11+00:00","dateModified":"2025-09-23T09:10:18+00:00","breadcrumb":{"@id":"https:\/\/quarckabogados.com\/#breadcrumb"},"inLanguage":"es","potentialAction":[{"@type":"ReadAction","target":["https:\/\/quarckabogados.com\/"]}]},{"@type":"BreadcrumbList","@id":"https:\/\/quarckabogados.com\/#breadcrumb","itemListElement":[{"@type":"ListItem","position":1,"name":"Home","item":"https:\/\/quarckabogados.com\/"},{"@type":"ListItem","position":2,"name":"Home"}]},{"@type":"WebSite","@id":"https:\/\/quarckabogados.com\/#website","url":"https:\/\/quarckabogados.com\/","name":"Quarck Abogados","description":"","potentialAction":[{"@type":"SearchAction","target":{"@type":"EntryPoint","urlTemplate":"https:\/\/quarckabogados.com\/?s={search_term_string}"},"query-input":{"@type":"PropertyValueSpecification","valueRequired":true,"valueName":"search_term_string"}}],"inLanguage":"es"}]}},"_links":{"self":[{"href":"https:\/\/quarckabogados.com\/es\/wp-json\/wp\/v2\/pages\/16100","targetHints":{"allow":["GET"]}}],"collection":[{"href":"https:\/\/quarckabogados.com\/es\/wp-json\/wp\/v2\/pages"}],"about":[{"href":"https:\/\/quarckabogados.com\/es\/wp-json\/wp\/v2\/types\/page"}],"author":[{"embeddable":true,"href":"https:\/\/quarckabogados.com\/es\/wp-json\/wp\/v2\/users\/1"}],"replies":[{"embeddable":true,"href":"https:\/\/quarckabogados.com\/es\/wp-json\/wp\/v2\/comments?post=16100"}],"version-history":[{"count":4,"href":"https:\/\/quarckabogados.com\/es\/wp-json\/wp\/v2\/pages\/16100\/revisions"}],"predecessor-version":[{"id":16333,"href":"https:\/\/quarckabogados.com\/es\/wp-json\/wp\/v2\/pages\/16100\/revisions\/16333"}],"wp:attachment":[{"href":"https:\/\/quarckabogados.com\/es\/wp-json\/wp\/v2\/media?parent=16100"}],"curies":[{"name":"wp","href":"https:\/\/api.w.org\/{rel}","templated":true}]}}